{"id":25183,"date":"2025-02-24T09:31:09","date_gmt":"2025-02-24T08:31:09","guid":{"rendered":"https:\/\/www.pravo.unizg.hr\/?page_id=25183"},"modified":"2025-02-24T09:31:09","modified_gmt":"2025-02-24T08:31:09","slug":"ljetna-skola-socijalni-rad-i-razvoj-zajednice","status":"publish","type":"page","link":"https:\/\/www.pravo.unizg.hr\/en\/studiji\/cjelozivotno-obrazovanje\/ljetna-skola-socijalni-rad-i-razvoj-zajednice\/","title":{"rendered":"Ljetna \u0161kola &#8220;Socijalni rad i razvoj zajednice&#8221;"},"content":{"rendered":"<p>U organizaciji Studijskog centra socijalnog rada Pravnog fakulteta Sveu\u010dili\u0161ta u Zagrebu i Centra za civilne inicijative u Zagrebu je 9. i 10. rujna 2024. godine odr\u017eana 11. Ljetna \u0161kola Socijalni rad i razvoj zajednice pod naslovom \u201eRazvoj i integracija socijalnih usluga u zajednici \u2013 Izazovi multisektorskog i interdisciplinarnog pristupa\u201c.<\/p>\n<p>Ljetna \u0161kola je doprinos cjelo\u017eivotnom obrazovanju stru\u010dnjaka zainteresiranih za podru\u010dje razvoja zajednice s posebnim usmjerenjem na stru\u010dnjake koji djeluju u profesionalnom socijalnom radu. Sudjelovanje je otvoreno i ostalim stru\u010dnjacima poput psihologa, socijalnih pedagoga, rehabilitatora, pravnika, sociologa, socijalnih psihijatara, stru\u010dnjaka iz podru\u010dja javnog zdravstva i drugima.<\/p>\n<p>Obradom ovogodi\u0161nje teme Ljetne \u0161kole \u017eelio se dati odgovor na pitanje kako unaprijediti kvalitetu \u017eivota gra\u0111ana u lokalnim zajednicama kroz razvoj integriranih, dostupnih i u\u010dinkovitih socijalnih usluga. Ljetna \u0161kola odvija se putem plenarnih izlaganja, panel rasprava, vo\u0111enih razgovora, radionica, poster prezentacija i prikaza slu\u010dajeva iz prakse.<\/p>\n<p>Na ovogodi\u0161njoj Ljetnoj \u0161koli sudjelovalo je vi\u0161e od \u0161ezdeset sudionika iz javnog i civilnog sektora koji ve\u0107inom rade na podru\u010dju organiziranja i pru\u017eanja socijalnih usluga ili se njima bave kroz razvoj teorijskih modela i istra\u017eivanja. Tijekom odvijanja Ljetne \u0161kole sudionici su imali prilike upoznati se s nizom prakti\u010dnih rje\u0161enja u podru\u010dju organizacije i pru\u017eanja socijalnih usluga za razli\u010dite vrste korisnika.<\/p>\n<p>Kroz raspravu obra\u0111ena su brojna otvorena pitanja s kojima se susre\u0107u dionici u ovom podru\u010dju, a tako\u0111er ponu\u0111ena su brojna rje\u0161enja koja u budu\u0107em razdoblju mogu unaprijediti postoje\u0107i ili zapo\u010deti izgradnju novog i pobolj\u0161anog modela socijalnih usluga u Republici Hrvatskoj.<\/p>\n<p>Kroz provedenu evaluaciju sudionici su iskazali veliko zadovoljstvo ovogodi\u0161njom Ljetnom \u0161kolom te su iznijeli niz prijedloga za teme i na\u010din rada budu\u0107ih ljetnih \u0161kola kao i mogu\u0107nosti drugih oblika cjelo\u017eivotnog obrazovanja u ovom podru\u010dju.<\/p>\n<p><img loading=\"lazy\" decoding=\"async\" class=\"aligncenter size-full wp-image-20668\" src=\"https:\/\/www.pravo.unizg.hr\/wp-content\/uploads\/2024\/09\/Ljetna-skola-2024-1.jpg\" alt=\"\" width=\"2048\" height=\"1153\" srcset=\"https:\/\/www.pravo.unizg.hr\/wp-content\/uploads\/2024\/09\/Ljetna-skola-2024-1.jpg 2048w, https:\/\/www.pravo.unizg.hr\/wp-content\/uploads\/2024\/09\/Ljetna-skola-2024-1-300x169.jpg 300w, https:\/\/www.pravo.unizg.hr\/wp-content\/uploads\/2024\/09\/Ljetna-skola-2024-1-1024x577.jpg 1024w, https:\/\/www.pravo.unizg.hr\/wp-content\/uploads\/2024\/09\/Ljetna-skola-2024-1-768x432.jpg 768w, https:\/\/www.pravo.unizg.hr\/wp-content\/uploads\/2024\/09\/Ljetna-skola-2024-1-1536x865.jpg 1536w\" sizes=\"auto, (max-width: 2048px) 100vw, 2048px\" \/><\/p>\n<p><img loading=\"lazy\" decoding=\"async\" class=\"aligncenter size-full wp-image-20670\" src=\"https:\/\/www.pravo.unizg.hr\/wp-content\/uploads\/2024\/09\/Ljetna-skola-2024-2.jpg\" alt=\"\" width=\"1381\" height=\"2048\" srcset=\"https:\/\/www.pravo.unizg.hr\/wp-content\/uploads\/2024\/09\/Ljetna-skola-2024-2.jpg 1381w, https:\/\/www.pravo.unizg.hr\/wp-content\/uploads\/2024\/09\/Ljetna-skola-2024-2-202x300.jpg 202w, https:\/\/www.pravo.unizg.hr\/wp-content\/uploads\/2024\/09\/Ljetna-skola-2024-2-691x1024.jpg 691w, https:\/\/www.pravo.unizg.hr\/wp-content\/uploads\/2024\/09\/Ljetna-skola-2024-2-768x1139.jpg 768w, https:\/\/www.pravo.unizg.hr\/wp-content\/uploads\/2024\/09\/Ljetna-skola-2024-2-1036x1536.jpg 1036w\" sizes=\"auto, (max-width: 1381px) 100vw, 1381px\" \/><\/p>\n<p><img loading=\"lazy\" decoding=\"async\" class=\"aligncenter size-full wp-image-20672\" src=\"https:\/\/www.pravo.unizg.hr\/wp-content\/uploads\/2024\/09\/Ljetna-skola-2024-3.jpg\" alt=\"\" width=\"2048\" height=\"1536\" srcset=\"https:\/\/www.pravo.unizg.hr\/wp-content\/uploads\/2024\/09\/Ljetna-skola-2024-3.jpg 2048w, https:\/\/www.pravo.unizg.hr\/wp-content\/uploads\/2024\/09\/Ljetna-skola-2024-3-300x225.jpg 300w, https:\/\/www.pravo.unizg.hr\/wp-content\/uploads\/2024\/09\/Ljetna-skola-2024-3-1024x768.jpg 1024w, https:\/\/www.pravo.unizg.hr\/wp-content\/uploads\/2024\/09\/Ljetna-skola-2024-3-768x576.jpg 768w, https:\/\/www.pravo.unizg.hr\/wp-content\/uploads\/2024\/09\/Ljetna-skola-2024-3-1536x1152.jpg 1536w\" sizes=\"auto, (max-width: 2048px) 100vw, 2048px\" \/><\/p>\n<p><img loading=\"lazy\" decoding=\"async\" class=\"aligncenter size-full wp-image-20674\" src=\"https:\/\/www.pravo.unizg.hr\/wp-content\/uploads\/2024\/09\/Ljetna-skola-2024-4.jpg\" alt=\"\" width=\"1153\" height=\"2048\" srcset=\"https:\/\/www.pravo.unizg.hr\/wp-content\/uploads\/2024\/09\/Ljetna-skola-2024-4.jpg 1153w, https:\/\/www.pravo.unizg.hr\/wp-content\/uploads\/2024\/09\/Ljetna-skola-2024-4-169x300.jpg 169w, https:\/\/www.pravo.unizg.hr\/wp-content\/uploads\/2024\/09\/Ljetna-skola-2024-4-577x1024.jpg 577w, https:\/\/www.pravo.unizg.hr\/wp-content\/uploads\/2024\/09\/Ljetna-skola-2024-4-768x1364.jpg 768w, https:\/\/www.pravo.unizg.hr\/wp-content\/uploads\/2024\/09\/Ljetna-skola-2024-4-865x1536.jpg 865w\" sizes=\"auto, (max-width: 1153px) 100vw, 1153px\" \/><\/p>\n","protected":false},"excerpt":{"rendered":"<p>U organizaciji Studijskog centra socijalnog rada Pravnog fakulteta Sveu\u010dili\u0161ta u&#8230;<\/p>\n","protected":false},"author":511,"featured_media":0,"parent":60,"menu_order":0,"comment_status":"closed","ping_status":"closed","template":"","meta":{"footnotes":""},"class_list":["post-25183","page","type-page","status-publish","hentry"],"pp_force_visibility":null,"pp_subpost_visibility":null,"pp_inherited_force_visibility":null,"pp_inherited_subpost_visibility":null,"acf":[],"yoast_head":"<!-- This site is optimized with the Yoast SEO plugin v20.1 - https:\/\/yoast.com\/wordpress\/plugins\/seo\/ -->\n<title>Ljetna \u0161kola &quot;Socijalni rad i razvoj zajednice&quot; - Faculty of law<\/title>\n<meta name=\"robots\" content=\"index, follow, max-snippet:-1, max-image-preview:large, max-video-preview:-1\" \/>\n<link rel=\"canonical\" href=\"https:\/\/www.pravo.unizg.hr\/studiji\/cjelozivotno-obrazovanje\/ljetna-skola-socijalni-rad-i-razvoj-zajednice\/\" \/>\n<meta property=\"og:locale\" content=\"en_US\" \/>\n<meta property=\"og:type\" content=\"article\" \/>\n<meta property=\"og:title\" content=\"Ljetna \u0161kola &quot;Socijalni rad i razvoj zajednice&quot; - Faculty of law\" \/>\n<meta property=\"og:description\" content=\"U organizaciji Studijskog centra socijalnog rada Pravnog fakulteta Sveu\u010dili\u0161ta u...\" \/>\n<meta property=\"og:url\" content=\"https:\/\/www.pravo.unizg.hr\/studiji\/cjelozivotno-obrazovanje\/ljetna-skola-socijalni-rad-i-razvoj-zajednice\/\" \/>\n<meta property=\"og:site_name\" content=\"Faculty of law\" \/>\n<meta property=\"og:image\" content=\"https:\/\/www.pravo.unizg.hr\/wp-content\/uploads\/2024\/09\/Ljetna-skola-2024-1.jpg\" \/>\n<meta name=\"twitter:card\" content=\"summary_large_image\" \/>\n<meta name=\"twitter:label1\" content=\"Est. reading time\" \/>\n\t<meta name=\"twitter:data1\" content=\"2 minutes\" \/>\n<script type=\"application\/ld+json\" class=\"yoast-schema-graph\">{\"@context\":\"https:\/\/schema.org\",\"@graph\":[{\"@type\":\"WebPage\",\"@id\":\"https:\/\/www.pravo.unizg.hr\/studiji\/cjelozivotno-obrazovanje\/ljetna-skola-socijalni-rad-i-razvoj-zajednice\/\",\"url\":\"https:\/\/www.pravo.unizg.hr\/studiji\/cjelozivotno-obrazovanje\/ljetna-skola-socijalni-rad-i-razvoj-zajednice\/\",\"name\":\"Ljetna \u0161kola \\\"Socijalni rad i razvoj zajednice\\\" - Faculty of law\",\"isPartOf\":{\"@id\":\"https:\/\/www.pravo.unizg.hr\/#website\"},\"datePublished\":\"2025-02-24T08:31:09+00:00\",\"dateModified\":\"2025-02-24T08:31:09+00:00\",\"breadcrumb\":{\"@id\":\"https:\/\/www.pravo.unizg.hr\/studiji\/cjelozivotno-obrazovanje\/ljetna-skola-socijalni-rad-i-razvoj-zajednice\/#breadcrumb\"},\"inLanguage\":\"en-US\",\"potentialAction\":[{\"@type\":\"ReadAction\",\"target\":[\"https:\/\/www.pravo.unizg.hr\/studiji\/cjelozivotno-obrazovanje\/ljetna-skola-socijalni-rad-i-razvoj-zajednice\/\"]}]},{\"@type\":\"BreadcrumbList\",\"@id\":\"https:\/\/www.pravo.unizg.hr\/studiji\/cjelozivotno-obrazovanje\/ljetna-skola-socijalni-rad-i-razvoj-zajednice\/#breadcrumb\",\"itemListElement\":[{\"@type\":\"ListItem\",\"position\":1,\"name\":\"Homepage\",\"item\":\"https:\/\/www.pravo.unizg.hr\/en\/\"},{\"@type\":\"ListItem\",\"position\":2,\"name\":\"Studiji\",\"item\":\"https:\/\/www.pravo.unizg.hr\/studiji\/\"},{\"@type\":\"ListItem\",\"position\":3,\"name\":\"Cjelo\u017eivotno obrazovanje\",\"item\":\"https:\/\/www.pravo.unizg.hr\/studiji\/cjelozivotno-obrazovanje\/\"},{\"@type\":\"ListItem\",\"position\":4,\"name\":\"Ljetna \u0161kola &#8220;Socijalni rad i razvoj zajednice&#8221;\"}]},{\"@type\":\"WebSite\",\"@id\":\"https:\/\/www.pravo.unizg.hr\/#website\",\"url\":\"https:\/\/www.pravo.unizg.hr\/\",\"name\":\"Faculty of law\",\"description\":\"\",\"potentialAction\":[{\"@type\":\"SearchAction\",\"target\":{\"@type\":\"EntryPoint\",\"urlTemplate\":\"https:\/\/www.pravo.unizg.hr\/?s={search_term_string}\"},\"query-input\":\"required name=search_term_string\"}],\"inLanguage\":\"en-US\"}]}<\/script>\n<!-- \/ Yoast SEO plugin. -->","yoast_head_json":{"title":"Ljetna \u0161kola \"Socijalni rad i razvoj zajednice\" - Faculty of law","robots":{"index":"index","follow":"follow","max-snippet":"max-snippet:-1","max-image-preview":"max-image-preview:large","max-video-preview":"max-video-preview:-1"},"canonical":"https:\/\/www.pravo.unizg.hr\/studiji\/cjelozivotno-obrazovanje\/ljetna-skola-socijalni-rad-i-razvoj-zajednice\/","og_locale":"en_US","og_type":"article","og_title":"Ljetna \u0161kola \"Socijalni rad i razvoj zajednice\" - Faculty of law","og_description":"U organizaciji Studijskog centra socijalnog rada Pravnog fakulteta Sveu\u010dili\u0161ta u...","og_url":"https:\/\/www.pravo.unizg.hr\/studiji\/cjelozivotno-obrazovanje\/ljetna-skola-socijalni-rad-i-razvoj-zajednice\/","og_site_name":"Faculty of law","og_image":[{"url":"https:\/\/www.pravo.unizg.hr\/wp-content\/uploads\/2024\/09\/Ljetna-skola-2024-1.jpg"}],"twitter_card":"summary_large_image","twitter_misc":{"Est. reading time":"2 minutes"},"schema":{"@context":"https:\/\/schema.org","@graph":[{"@type":"WebPage","@id":"https:\/\/www.pravo.unizg.hr\/studiji\/cjelozivotno-obrazovanje\/ljetna-skola-socijalni-rad-i-razvoj-zajednice\/","url":"https:\/\/www.pravo.unizg.hr\/studiji\/cjelozivotno-obrazovanje\/ljetna-skola-socijalni-rad-i-razvoj-zajednice\/","name":"Ljetna \u0161kola \"Socijalni rad i razvoj zajednice\" - Faculty of law","isPartOf":{"@id":"https:\/\/www.pravo.unizg.hr\/#website"},"datePublished":"2025-02-24T08:31:09+00:00","dateModified":"2025-02-24T08:31:09+00:00","breadcrumb":{"@id":"https:\/\/www.pravo.unizg.hr\/studiji\/cjelozivotno-obrazovanje\/ljetna-skola-socijalni-rad-i-razvoj-zajednice\/#breadcrumb"},"inLanguage":"en-US","potentialAction":[{"@type":"ReadAction","target":["https:\/\/www.pravo.unizg.hr\/studiji\/cjelozivotno-obrazovanje\/ljetna-skola-socijalni-rad-i-razvoj-zajednice\/"]}]},{"@type":"BreadcrumbList","@id":"https:\/\/www.pravo.unizg.hr\/studiji\/cjelozivotno-obrazovanje\/ljetna-skola-socijalni-rad-i-razvoj-zajednice\/#breadcrumb","itemListElement":[{"@type":"ListItem","position":1,"name":"Homepage","item":"https:\/\/www.pravo.unizg.hr\/en\/"},{"@type":"ListItem","position":2,"name":"Studiji","item":"https:\/\/www.pravo.unizg.hr\/studiji\/"},{"@type":"ListItem","position":3,"name":"Cjelo\u017eivotno obrazovanje","item":"https:\/\/www.pravo.unizg.hr\/studiji\/cjelozivotno-obrazovanje\/"},{"@type":"ListItem","position":4,"name":"Ljetna \u0161kola &#8220;Socijalni rad i razvoj zajednice&#8221;"}]},{"@type":"WebSite","@id":"https:\/\/www.pravo.unizg.hr\/#website","url":"https:\/\/www.pravo.unizg.hr\/","name":"Faculty of law","description":"","potentialAction":[{"@type":"SearchAction","target":{"@type":"EntryPoint","urlTemplate":"https:\/\/www.pravo.unizg.hr\/?s={search_term_string}"},"query-input":"required name=search_term_string"}],"inLanguage":"en-US"}]}},"_links":{"self":[{"href":"https:\/\/www.pravo.unizg.hr\/en\/wp-json\/wp\/v2\/pages\/25183","targetHints":{"allow":["GET"]}}],"collection":[{"href":"https:\/\/www.pravo.unizg.hr\/en\/wp-json\/wp\/v2\/pages"}],"about":[{"href":"https:\/\/www.pravo.unizg.hr\/en\/wp-json\/wp\/v2\/types\/page"}],"author":[{"embeddable":true,"href":"https:\/\/www.pravo.unizg.hr\/en\/wp-json\/wp\/v2\/users\/511"}],"replies":[{"embeddable":true,"href":"https:\/\/www.pravo.unizg.hr\/en\/wp-json\/wp\/v2\/comments?post=25183"}],"version-history":[{"count":1,"href":"https:\/\/www.pravo.unizg.hr\/en\/wp-json\/wp\/v2\/pages\/25183\/revisions"}],"predecessor-version":[{"id":25184,"href":"https:\/\/www.pravo.unizg.hr\/en\/wp-json\/wp\/v2\/pages\/25183\/revisions\/25184"}],"up":[{"embeddable":true,"href":"https:\/\/www.pravo.unizg.hr\/en\/wp-json\/wp\/v2\/pages\/60"}],"wp:attachment":[{"href":"https:\/\/www.pravo.unizg.hr\/en\/wp-json\/wp\/v2\/media?parent=25183"}],"curies":[{"name":"wp","href":"https:\/\/api.w.org\/{rel}","templated":true}]}}