{"id":25118,"date":"2025-02-20T07:58:39","date_gmt":"2025-02-20T06:58:39","guid":{"rendered":"https:\/\/www.pravo.unizg.hr\/?page_id=25118"},"modified":"2025-10-21T18:37:51","modified_gmt":"2025-10-21T17:37:51","slug":"konferencija-2025","status":"publish","type":"page","link":"https:\/\/www.pravo.unizg.hr\/en\/projekti\/aktivni-projekti\/preprahr\/konferencija-2025\/","title":{"rendered":"Konferencija 2025"},"content":{"rendered":"<p style=\"text-align: center;\"><strong>\u00a0<\/strong><\/p>\n<p style=\"text-align: center;\"><strong>Hrvatsko prekr\u0161ajno pravo u europskom kontekstu \u2013 izazovi i perspektive (PrePraHR)<\/strong><\/p>\n<p><strong>\u00a0<\/strong><\/p>\n<p style=\"text-align: center;\"><strong>Konferencija<\/strong><\/p>\n<p style=\"text-align: center;\"><strong>\u201eImplementacija odabranih procesnih direktiva u praksi i druga pitanja prekr\u0161ajnog prava\u201c<\/strong><\/p>\n<p style=\"text-align: center;\"><strong>Dru\u0161tvo sveu\u010dili\u0161nih nastavnika i drugih znanstvenika u Zagrebu,<\/strong><\/p>\n<p style=\"text-align: center;\"><strong>Frankopanska 5a<\/strong><\/p>\n<p style=\"text-align: center;\"><strong>6. i 7. o\u017eujka 2025.<\/strong><\/p>\n<p style=\"text-align: center;\"><strong>\u00a0<\/strong><\/p>\n<p><strong>PROGRAM<\/strong><\/p>\n<p><strong>\u010cetvrtak, 6. 3. 2025. <\/strong><\/p>\n<p>13,30 \u2013 14,00\u00a0\u00a0\u00a0\u00a0 <strong>Registracija<\/strong><\/p>\n<p>&nbsp;<\/p>\n<p>14,00 \u2013 14,30<strong>\u00a0\u00a0\u00a0\u00a0 Uvodne rije\u010di \u00a0\u00a0\u00a0\u00a0\u00a0\u00a0\u00a0 <\/strong><\/p>\n<p><em>Prof. dr. sc. Elizabeta Ivi\u010devi\u0107 Karas, prodekanica Pravnog fakulteta Sveu\u010dili\u0161ta u Zagrebu<\/em><\/p>\n<p><em>izv. prof. dr. sc. Marin Bona\u010di\u0107, <\/em>voditelj projekta PrePraHR<\/p>\n<p><em>Jurica Mio\u010di\u0107<\/em>, Uprava za javni red i sigurnost, Ravnateljstvo policije<\/p>\n<p><em>Ana Kordej, <\/em>Ministarstvo pravosu\u0111a, uprave i digitalne transformacije<\/p>\n<p><em>Sanja Gospo\u010di\u0107<\/em>, Visoki prekr\u0161ajni sud RH<\/p>\n<p><em>\u00a0\u00a0\u00a0\u00a0\u00a0\u00a0\u00a0\u00a0\u00a0\u00a0\u00a0\u00a0\u00a0\u00a0\u00a0\u00a0\u00a0\u00a0\u00a0 <\/em><\/p>\n<p>14,30 \u2013 16,10\u00a0\u00a0\u00a0\u00a0 <strong>Rezultati istra\u017eivanja o implementaciji procesnih direktiva u prekr\u0161ajno zakonodavstvo i praksu <\/strong><\/p>\n<p>Uvodno o istra\u017eivanju implementacije procesnih direktiva u prekr\u0161ajno zakonodavstvo i praksu<\/p>\n<p><em>izv. prof. dr. sc. Marin Bona\u010di\u0107<\/em>, Sveu\u010dili\u0161te u Zagrebu Pravni fakultet<\/p>\n<p>Implementacija prava na tuma\u010denje i prevo\u0111enje u prekr\u0161ajno zakonodavstvo i praksu<\/p>\n<p><em>izv. prof. dr. sc. Marin Bona\u010di\u0107<\/em>, Sveu\u010dili\u0161te u Zagrebu Pravni fakultet<\/p>\n<p><em>Nik\u0161a Vojvoda<\/em>, Sveu\u010dili\u0161te u Zagrebu Pravni fakultet<\/p>\n<p>Implementacija prava na obavijest u prekr\u0161ajno zakonodavstvo i praksu<\/p>\n<p><em>izv. prof. dr. sc. Ante Novokmet<\/em>, Pravni fakultet Sveu\u010dili\u0161ta J. J. Strossmayera u Osijeku<\/p>\n<p><em>izv. prof. dr. sc. Marija \u0110uzel<\/em>, Pravni fakultet Sveu\u010dili\u0161ta u Splitu<\/p>\n<p>Implementacija prava na branitelja u prekr\u0161ajno zakonodavstvo i praksu<\/p>\n<p><em>izv. prof. dr. sc. Zoran Buri\u0107<\/em>, Sveu\u010dili\u0161te u Zagrebu Pravni fakultet<\/p>\n<p>dr. <em>sc. Hrvoje Filipovi\u0107<\/em>, Veleu\u010dili\u0161te kriminalistike i javne sigurnosti<\/p>\n<p>Implementacija prava na pravnu pomo\u0107 u prekr\u0161ajno zakonodavstvo i praksu<\/p>\n<p><em>izv. prof. dr. sc. Igor Martinovi\u0107<\/em>, Pravni fakultet Sveu\u010dili\u0161ta u Rijeci<\/p>\n<p><em>doc. dr. sc. Ivana Radi\u0107<\/em>, Pravni fakultet Sveu\u010dili\u0161ta u Splitu<\/p>\n<p>&nbsp;<\/p>\n<p>16,10 \u2013 17,00<strong>\u00a0\u00a0\u00a0\u00a0 Domjenak<\/strong><\/p>\n<p>&nbsp;<\/p>\n<p>17,00 \u2013 18,40<strong>\u00a0\u00a0\u00a0\u00a0 Okrugli stol o implementaciji procesnih direktiva u prekr\u0161ajno zakonodavstvo i praksu<\/strong><\/p>\n<p>Moderatorica: <em>prof. dr. sc. Zlata \u0110ur\u0111evi\u0107<\/em>, Sveu\u010dili\u0161te u Zagrebu Pravni fakultet<\/p>\n<p><em>Jurica Mio\u010di\u0107<\/em>, Uprava za javni red i sigurnost, Ravnateljstvo policije<\/p>\n<p><em>Damir Mataga<\/em>, Ministarstvo financija, Carinska uprava<\/p>\n<p><em>Darko Klier, <\/em>Dr\u017eavno odvjetni\u0161tvo Republike Hrvatske<\/p>\n<p><em>Zdravka Jagi\u0107<\/em>, predsjednica Op\u0107inskog prekr\u0161ajnog suda u Zagrebu<\/p>\n<p><em>Sanja Gospo\u010di\u0107<\/em>, Visoki prekr\u0161ajni sud RH<\/p>\n<p><em>Tomislav Toma\u0161i\u0107<\/em>, Visoki prekr\u0161ajni sud RH<\/p>\n<p><em>Vesna Rogulj<\/em>, odvjetnica<\/p>\n<p><em>Ana Kordej<\/em>, Ministarstvo pravosu\u0111a, uprave i digitalne transformacije<\/p>\n<p><strong>\u00a0<\/strong><\/p>\n<p><strong>Petak, 7. 3. 2025. <\/strong><\/p>\n<p>9,00 \u2013 9,30\u00a0\u00a0\u00a0\u00a0\u00a0\u00a0\u00a0\u00a0 <strong>Registracija<\/strong><\/p>\n<p>&nbsp;<\/p>\n<p>9,30 \u2013 10,40 \u00a0\u00a0\u00a0\u00a0\u00a0 <strong>I. panel<\/strong> <strong>\u00a0<\/strong><\/p>\n<p>Moderator: <em>izv. prof. dr. sc. Ivan Vuku\u0161i\u0107, <\/em>Pravni fakultet u Splitu<\/p>\n<p>Mogu\u0107nosti pove\u0107anja efikasnosti IT sustava u prekr\u0161ajnom postupku umjetnom inteligencijom<\/p>\n<p><em>dr<\/em>. <em>sc. Ivan Branica<\/em>, Locus d.o.o. za ra\u010dunalne djelatnosti<\/p>\n<p>Pregled odabranih upravno-procesnih specifi\u010dnosti u postupcima pred<br \/>\nAZTN-om<\/p>\n<p><em>izv. prof. dr. sc. Ana \u0110ani\u0107 \u010ceko<\/em>, Pravni fakultet Sveu\u010dili\u0161ta J. J. Strossmayera u Osijeku<\/p>\n<p>dr. <em>sc. Mirta Kapural<\/em>, predsjednica Vije\u0107a za za\u0161titu tr\u017ei\u0161nog natjecanja, Agencija za za\u0161titu tr\u017ei\u0161nog natjecanja<\/p>\n<p><em>Tadija Kristi\u0107<\/em>, Agencija za za\u0161titu tr\u017ei\u0161nog natjecanja<\/p>\n<p>Postupanje dr\u017eavnog odvjetnika u prekr\u0161ajnim predmetima<\/p>\n<p><em>Silvia Lon\u010dar<\/em>, Op\u0107insko kazneno dr\u017eavno odvjetni\u0161tvo u Zagrebu<\/p>\n<p>&nbsp;<\/p>\n<p>10,40 \u2013 11,10<strong>\u00a0\u00a0\u00a0\u00a0 Pauza za kavu<\/strong><\/p>\n<p>&nbsp;<\/p>\n<p>11,10 \u2013 12,45<strong>\u00a0\u00a0\u00a0\u00a0 II. panel<\/strong><\/p>\n<p>Moderatorica: <em>izv. prof. dr. sc. Marta Dragi\u010devi\u0107 Prtenja\u010da<\/em><\/p>\n<p>Aktualnosti u podru\u010dju prekr\u0161ajnog prava<\/p>\n<p><em>Robert Zavr\u0161ki<\/em>, Visoki prekr\u0161ajni sud RH<\/p>\n<p>Uloga prekr\u0161ajnih sudova u za\u0161titi potro\u0161a\u010da<\/p>\n<p><em>izv. prof. dr. sc. Ivana Kanceljak<\/em>, Sveu\u010dili\u0161te u Zagrebu Pravni fakultet<\/p>\n<p><em>izv. prof. dr. sc. Sun\u010dana Roksandi\u0107<\/em>, Sveu\u010dili\u0161te u Zagrebu Pravni fakultet<\/p>\n<p>Nasilje u obitelji u prekr\u0161ajnom pravu<\/p>\n<p><em>izv. prof. dr. sc. Barbara Herceg Pak\u0161i\u0107<\/em>, Pravni fakultet J. J. Strossmayera u Osijeku<\/p>\n<p>Problematika prekr\u0161ajnog nasilja u obitelji i provo\u0111enja kriminalisti\u010dkih istra\u017eivanja tih prekr\u0161aja<\/p>\n<p><em>Danijela Petkovi\u0107<\/em>, Uprava za javni red i sigurnost Ravnateljstva policije<\/p>\n<p><em>Ante Mari\u0107<\/em>, Uprava za javni red i sigurnost Ravnateljstva policije<\/p>\n<p>&nbsp;<\/p>\n<p>12,45 \u2013 13,45<strong>\u00a0\u00a0\u00a0\u00a0 Ru\u010dak<\/strong><\/p>\n<p>13,45 \u2013 14,55<strong>\u00a0\u00a0\u00a0\u00a0 <\/strong><strong>III. panel<\/strong><\/p>\n<p>Moderatorica: <em>izv. prof. dr. sc. Ivana Kanceljak<\/em>, Sveu\u010dili\u0161te u Zagrebu Pravni fakultet<\/p>\n<p>Utjecaj visine nov\u010dane kazne na prigovore protiv obaveznih prekr\u0161ajnih naloga<\/p>\n<p><em>prof. dr. sc. Ozren Pilipovi\u0107<\/em>, Sveu\u010dili\u0161te u Zagrebu Pravni fakultet<\/p>\n<p><em>izv. prof. dr. sc. Marin Bona\u010di\u0107<\/em>, Sveu\u010dili\u0161te u Zagrebu Pravni fakultet<\/p>\n<p>Pravosudna suradnja u prekr\u0161ajnim predmetima<\/p>\n<p>dr. sc. <em>Danka Hr\u017eina<\/em>, Op\u0107insko kazneno dr\u017eavno odvjetni\u0161tvo u Zagrebu<\/p>\n<p>Kazneno i prekr\u0161ajnoprocesni imunitet propisan hrvatskim pravom: obilje\u017eja i prijepori<\/p>\n<p><em>\u00a0Nik\u0161a Vojvoda<\/em>, Sveu\u010dili\u0161te u Zagrebu Pravni fakultet<\/p>\n<p><strong>\u00a0<\/strong><\/p>\n<p>14,55\u00a0\u00a0\u00a0\u00a0\u00a0\u00a0\u00a0 <strong>\u00a0\u00a0\u00a0\u00a0\u00a0\u00a0\u00a0\u00a0\u00a0 Zatvaranje konferencije<\/strong><\/p>\n<p>&nbsp;<\/p>\n","protected":false},"excerpt":{"rendered":"<p>\u00a0 Hrvatsko prekr\u0161ajno pravo u europskom kontekstu \u2013 izazovi i&#8230;<\/p>\n","protected":false},"author":511,"featured_media":0,"parent":15690,"menu_order":0,"comment_status":"closed","ping_status":"closed","template":"","meta":{"footnotes":""},"class_list":["post-25118","page","type-page","status-publish","hentry"],"pp_force_visibility":null,"pp_subpost_visibility":null,"pp_inherited_force_visibility":null,"pp_inherited_subpost_visibility":null,"acf":[],"yoast_head":"<!-- This site is optimized with the Yoast SEO plugin v20.1 - https:\/\/yoast.com\/wordpress\/plugins\/seo\/ -->\n<title>Konferencija 2025 - Faculty of law<\/title>\n<meta name=\"robots\" content=\"index, follow, max-snippet:-1, max-image-preview:large, max-video-preview:-1\" \/>\n<link rel=\"canonical\" href=\"https:\/\/www.pravo.unizg.hr\/projekti\/aktivni-projekti\/preprahr\/konferencija-2025\/\" \/>\n<meta property=\"og:locale\" content=\"en_US\" \/>\n<meta property=\"og:type\" content=\"article\" \/>\n<meta property=\"og:title\" content=\"Konferencija 2025 - Faculty of law\" \/>\n<meta property=\"og:description\" content=\"\u00a0 Hrvatsko prekr\u0161ajno pravo u europskom kontekstu \u2013 izazovi i...\" \/>\n<meta property=\"og:url\" content=\"https:\/\/www.pravo.unizg.hr\/projekti\/aktivni-projekti\/preprahr\/konferencija-2025\/\" \/>\n<meta property=\"og:site_name\" content=\"Faculty of law\" \/>\n<meta property=\"article:modified_time\" content=\"2025-10-21T17:37:51+00:00\" \/>\n<meta name=\"twitter:card\" content=\"summary_large_image\" \/>\n<meta name=\"twitter:label1\" content=\"Est. reading time\" \/>\n\t<meta name=\"twitter:data1\" content=\"4 minutes\" \/>\n<script type=\"application\/ld+json\" class=\"yoast-schema-graph\">{\"@context\":\"https:\/\/schema.org\",\"@graph\":[{\"@type\":\"WebPage\",\"@id\":\"https:\/\/www.pravo.unizg.hr\/projekti\/aktivni-projekti\/preprahr\/konferencija-2025\/\",\"url\":\"https:\/\/www.pravo.unizg.hr\/projekti\/aktivni-projekti\/preprahr\/konferencija-2025\/\",\"name\":\"Konferencija 2025 - Faculty of law\",\"isPartOf\":{\"@id\":\"https:\/\/www.pravo.unizg.hr\/#website\"},\"datePublished\":\"2025-02-20T06:58:39+00:00\",\"dateModified\":\"2025-10-21T17:37:51+00:00\",\"breadcrumb\":{\"@id\":\"https:\/\/www.pravo.unizg.hr\/projekti\/aktivni-projekti\/preprahr\/konferencija-2025\/#breadcrumb\"},\"inLanguage\":\"en-US\",\"potentialAction\":[{\"@type\":\"ReadAction\",\"target\":[\"https:\/\/www.pravo.unizg.hr\/projekti\/aktivni-projekti\/preprahr\/konferencija-2025\/\"]}]},{\"@type\":\"BreadcrumbList\",\"@id\":\"https:\/\/www.pravo.unizg.hr\/projekti\/aktivni-projekti\/preprahr\/konferencija-2025\/#breadcrumb\",\"itemListElement\":[{\"@type\":\"ListItem\",\"position\":1,\"name\":\"Homepage\",\"item\":\"https:\/\/www.pravo.unizg.hr\/en\/\"},{\"@type\":\"ListItem\",\"position\":2,\"name\":\"Projekti\",\"item\":\"https:\/\/www.pravo.unizg.hr\/projekti\/\"},{\"@type\":\"ListItem\",\"position\":3,\"name\":\"Aktivni projekti\",\"item\":\"https:\/\/www.pravo.unizg.hr\/projekti\/aktivni-projekti\/\"},{\"@type\":\"ListItem\",\"position\":4,\"name\":\"Hrvatsko prekr\u0161ajno pravo u europskom kontekstu \u2013 izazovi i perspektive\",\"item\":\"https:\/\/www.pravo.unizg.hr\/preprahr\/\"},{\"@type\":\"ListItem\",\"position\":5,\"name\":\"Konferencija 2025\"}]},{\"@type\":\"WebSite\",\"@id\":\"https:\/\/www.pravo.unizg.hr\/#website\",\"url\":\"https:\/\/www.pravo.unizg.hr\/\",\"name\":\"Faculty of law\",\"description\":\"\",\"potentialAction\":[{\"@type\":\"SearchAction\",\"target\":{\"@type\":\"EntryPoint\",\"urlTemplate\":\"https:\/\/www.pravo.unizg.hr\/?s={search_term_string}\"},\"query-input\":\"required name=search_term_string\"}],\"inLanguage\":\"en-US\"}]}<\/script>\n<!-- \/ Yoast SEO plugin. -->","yoast_head_json":{"title":"Konferencija 2025 - Faculty of law","robots":{"index":"index","follow":"follow","max-snippet":"max-snippet:-1","max-image-preview":"max-image-preview:large","max-video-preview":"max-video-preview:-1"},"canonical":"https:\/\/www.pravo.unizg.hr\/projekti\/aktivni-projekti\/preprahr\/konferencija-2025\/","og_locale":"en_US","og_type":"article","og_title":"Konferencija 2025 - Faculty of law","og_description":"\u00a0 Hrvatsko prekr\u0161ajno pravo u europskom kontekstu \u2013 izazovi i...","og_url":"https:\/\/www.pravo.unizg.hr\/projekti\/aktivni-projekti\/preprahr\/konferencija-2025\/","og_site_name":"Faculty of law","article_modified_time":"2025-10-21T17:37:51+00:00","twitter_card":"summary_large_image","twitter_misc":{"Est. reading time":"4 minutes"},"schema":{"@context":"https:\/\/schema.org","@graph":[{"@type":"WebPage","@id":"https:\/\/www.pravo.unizg.hr\/projekti\/aktivni-projekti\/preprahr\/konferencija-2025\/","url":"https:\/\/www.pravo.unizg.hr\/projekti\/aktivni-projekti\/preprahr\/konferencija-2025\/","name":"Konferencija 2025 - Faculty of law","isPartOf":{"@id":"https:\/\/www.pravo.unizg.hr\/#website"},"datePublished":"2025-02-20T06:58:39+00:00","dateModified":"2025-10-21T17:37:51+00:00","breadcrumb":{"@id":"https:\/\/www.pravo.unizg.hr\/projekti\/aktivni-projekti\/preprahr\/konferencija-2025\/#breadcrumb"},"inLanguage":"en-US","potentialAction":[{"@type":"ReadAction","target":["https:\/\/www.pravo.unizg.hr\/projekti\/aktivni-projekti\/preprahr\/konferencija-2025\/"]}]},{"@type":"BreadcrumbList","@id":"https:\/\/www.pravo.unizg.hr\/projekti\/aktivni-projekti\/preprahr\/konferencija-2025\/#breadcrumb","itemListElement":[{"@type":"ListItem","position":1,"name":"Homepage","item":"https:\/\/www.pravo.unizg.hr\/en\/"},{"@type":"ListItem","position":2,"name":"Projekti","item":"https:\/\/www.pravo.unizg.hr\/projekti\/"},{"@type":"ListItem","position":3,"name":"Aktivni projekti","item":"https:\/\/www.pravo.unizg.hr\/projekti\/aktivni-projekti\/"},{"@type":"ListItem","position":4,"name":"Hrvatsko prekr\u0161ajno pravo u europskom kontekstu \u2013 izazovi i perspektive","item":"https:\/\/www.pravo.unizg.hr\/preprahr\/"},{"@type":"ListItem","position":5,"name":"Konferencija 2025"}]},{"@type":"WebSite","@id":"https:\/\/www.pravo.unizg.hr\/#website","url":"https:\/\/www.pravo.unizg.hr\/","name":"Faculty of law","description":"","potentialAction":[{"@type":"SearchAction","target":{"@type":"EntryPoint","urlTemplate":"https:\/\/www.pravo.unizg.hr\/?s={search_term_string}"},"query-input":"required name=search_term_string"}],"inLanguage":"en-US"}]}},"_links":{"self":[{"href":"https:\/\/www.pravo.unizg.hr\/en\/wp-json\/wp\/v2\/pages\/25118","targetHints":{"allow":["GET"]}}],"collection":[{"href":"https:\/\/www.pravo.unizg.hr\/en\/wp-json\/wp\/v2\/pages"}],"about":[{"href":"https:\/\/www.pravo.unizg.hr\/en\/wp-json\/wp\/v2\/types\/page"}],"author":[{"embeddable":true,"href":"https:\/\/www.pravo.unizg.hr\/en\/wp-json\/wp\/v2\/users\/511"}],"replies":[{"embeddable":true,"href":"https:\/\/www.pravo.unizg.hr\/en\/wp-json\/wp\/v2\/comments?post=25118"}],"version-history":[{"count":17,"href":"https:\/\/www.pravo.unizg.hr\/en\/wp-json\/wp\/v2\/pages\/25118\/revisions"}],"predecessor-version":[{"id":29131,"href":"https:\/\/www.pravo.unizg.hr\/en\/wp-json\/wp\/v2\/pages\/25118\/revisions\/29131"}],"up":[{"embeddable":true,"href":"https:\/\/www.pravo.unizg.hr\/en\/wp-json\/wp\/v2\/pages\/15690"}],"wp:attachment":[{"href":"https:\/\/www.pravo.unizg.hr\/en\/wp-json\/wp\/v2\/media?parent=25118"}],"curies":[{"name":"wp","href":"https:\/\/api.w.org\/{rel}","templated":true}]}}